{"id":7711,"date":"2023-05-03T04:06:48","date_gmt":"2023-05-03T09:06:48","guid":{"rendered":"https:\/\/humanas.org.co\/formacionconhumanas\/?post_type=dlp_document&#038;p=7711"},"modified":"2023-05-03T07:22:25","modified_gmt":"2023-05-03T12:22:25","slug":"en-la-legislacion-colombiana-el-apoyo-psicosocial-en-temas-de-genero-se-encuentra-en-otra-ley-diferente-a-la-ley-de-la-mujer","status":"publish","type":"dlp_document","link":"https:\/\/humanas.org.co\/formacionconhumanas\/documento\/en-la-legislacion-colombiana-el-apoyo-psicosocial-en-temas-de-genero-se-encuentra-en-otra-ley-diferente-a-la-ley-de-la-mujer\/","title":{"rendered":"En la legislaci\u00f3n colombiana, \u00bfEl apoyo psicosocial, en temas de g\u00e9nero se  encuentra en otra ley diferente a la ley de la mujer?"},"content":{"rendered":"<p><b>PREGUNTA:\u00a0<\/b><\/p>\n<p><span style=\"font-weight: 400;\">En la legislaci\u00f3n colombiana, \u00bfEl apoyo psicosocial, en temas de g\u00e9nero se\u00a0 encuentra en otra ley diferente a la ley de la mujer?<\/span><\/p>\n<p><b>RESPUESTA:<\/b><\/p>\n<p><span style=\"font-weight: 400;\">Con ocasi\u00f3n de una acci\u00f3n de tutela interpuesta por la Comisi\u00f3n Colombiana de Juristas\u00a0 en representaci\u00f3n de cuatro mujeres sobrevivientes de la masacre de El Salado, la Corte\u00a0 Constitucional en sentencia T-045 de 2010 estudi\u00f3 el alcance del enfoque psicosocial en la atenci\u00f3n a v\u00edctimas. Por su importancia transcribimos el argumento:\u00a0<\/span><\/p>\n<p><i><span style=\"font-weight: 400;\">\u201c<\/span><\/i><i><span style=\"font-weight: 400;\">5.5. Seg\u00fan los expertos, la perspectiva psicosocial favorece la comprensi\u00f3n de\u00a0 la particularidad de la poblaci\u00f3n v\u00edctima de la violencia sociopol\u00edtica y el\u00a0 reconocimiento de sus m\u00faltiples contextos sociales, culturales y pol\u00edticos como\u00a0 \u00e1mbitos en los que se construye y deconstruye la identidad y el mundo\u00a0 emocional, experiencial y explicativo, los cuales son constituyentes de la realidad que se vive y son al mismo tiempo susceptibles de transformaci\u00f3n.\u00a0<\/span><\/i><\/p>\n<p><i><span style=\"font-weight: 400;\">En ese sentido, es necesario considerar la caracterizaci\u00f3n psicosocial de cada\u00a0 persona y de cada poblaci\u00f3n, la cual integra la mirada psicol\u00f3gica y la relacional- social para la identificaci\u00f3n de los da\u00f1os, transformaciones y p\u00e9rdidas ocasionados por los hechos violentos de los que fueron v\u00edctimas en el\u00a0 contexto de la violencia sociopol\u00edtica que vive Colombia.\u00a0<\/span><\/i><\/p>\n<p><i><span style=\"font-weight: 400;\">La mirada psicosocial desde la categor\u00eda identidad integra aspectos diferenciales como g\u00e9nero, generaci\u00f3n o ciclo vital, tipo de hecho\u00a0 violento, respuesta institucional y social, tipo de p\u00e9rdidas sufridas, condiciones sociales y pol\u00edticas de la persona v\u00edctima y tiempo, pues estos se constituyen en el contexto para reconocer la particularidad de cada persona o grupo.\u00a0<\/span><\/i><\/p>\n<p><i><span style=\"font-weight: 400;\">En un primer \u00e1mbito, de la afectaci\u00f3n emocional, se contemplan los escenarios\u00a0 emocionales en los que se encuentran las personas que han sido v\u00edctimas, y\u00a0 las narrativas o historias que realizan sobre s\u00ed mismas a partir del hecho\u00a0 violento.<\/span><\/i><\/p>\n<p><i><span style=\"font-weight: 400;\">Un segundo \u00e1mbito tiene que ver con la afectaci\u00f3n relacional y se refiere a que\u00a0 la identidad es construida con los otros\/as en la familia, la sociedad y la cultura,\u00a0 y en la medida que se haya producido un hecho violento, cambia y afecta la\u00a0 identidad individual y colectiva. Este aspecto contempla una comprensi\u00f3n de\u00a0 los cambios en las relaciones y en el \u00e1mbito cultural.\u00a0<\/span><\/i><\/p>\n<p><i><span style=\"font-weight: 400;\">Como tercer \u00e1mbito, se propone una exploraci\u00f3n de la afectaci\u00f3n de los derechos de las v\u00edctimas, con el fin de identificar la construcci\u00f3n cultural y\u00a0 pol\u00edtica de la persona como sujeto de derechos, acerca de s\u00ed misma y de su rol\u00a0 frente a los otros\/as.\u00a0<\/span><\/i><\/p>\n<p><i><span style=\"font-weight: 400;\">La revisi\u00f3n de las afectaciones, emocional, relacional y de derechos, desde la\u00a0 categor\u00eda de identidad, brinda la posibilidad de obtener una mirada compleja sobre los efectos psicosociales que observamos en las familias y personas, teniendo en cuenta el contexto y el tipo de hecho violento del cual han sido v\u00edctimas.\u00a0<\/span><\/i><\/p>\n<p><i><span style=\"font-weight: 400;\">Teniendo en cuenta lo anterior, una consecuencia fundamental de la perspectiva psicosocial es la despatologizaci\u00f3n de los individuos gracias a su visi\u00f3n hacia los contextos, la cual tambi\u00e9n ampl\u00eda las alternativas de acci\u00f3n en \u00e1mbitos comunitarios de apoyo, al romper la idea cl\u00e1sica de la atenci\u00f3n psicol\u00f3gica o psiqui\u00e1trica de consultorio circunscrita al mundo cotidiano<\/span><\/i><i><span style=\"font-weight: 400;\">\u201d. <\/span><\/i><\/p>\n<p>A continuaci\u00f3n encuentra el documento completo:<\/p>\n\n\t\t<div class=\"wppdfemb-frame-container-1\" style=\"-webkit-overflow-scrolling:auto;\">\n\t\t\t<iframe class=\"pdfembed-iframe nonfullscreen wppdf-emb-iframe-1\"\n\t\t\t\tsrc=\"https:\/\/humanas.org.co\/formacionconhumanas\/?pdfemb-data=eyJ1cmwiOiJodHRwczpcL1wvaHVtYW5hcy5vcmcuY29cL2Zvcm1hY2lvbmNvbmh1bWFuYXNcL3dwLWNvbnRlbnRcL3VwbG9hZHNcLzIwMjNcLzA1XC9QcmVndW50YS1Oby4tMDAxLTIwMTgtUHNpY29zb2NpYWwudXZfLnBkZiIsInRpdGxlIjoiUHJlZ3VudGEtTm8uLTAwMS0yMDE4LVBzaWNvc29jaWFsLnV2IiwiaW5kZXgiOjEsInBkZklEIjo3NzEyfQ\"\n\t\t\t\tdata-pdf-id=\"7712\"\n\t\t\t\tdata-pdf-index=\"1\"\n\t\t\t\tstyle=\"border:none;width:100%;max-width:100%;height:100vh;\"\n\t\t\t\tscrolling=\"yes\">\n\t\t\t<\/iframe>\n\t\t<\/div>\n\n\t\t\n","protected":false},"excerpt":{"rendered":"<p>PREGUNTA:\u00a0 En la legislaci\u00f3n colombiana, \u00bfEl apoyo psicosocial, en temas de g\u00e9nero se\u00a0 encuentra en otra ley diferente a la ley de la mujer? RESPUESTA: Con ocasi\u00f3n de una acci\u00f3n de tutela interpuesta por la Comisi\u00f3n Colombiana de Juristas\u00a0 en representaci\u00f3n de cuatro mujeres sobrevivientes de la masacre de El Salado, la Corte\u00a0 Constitucional en [&hellip;]<\/p>\n","protected":false},"author":1,"template":"","doc_categories":[111,249],"doc_tags":[253,250,251,252,254],"doc_author":[],"file_type":[113],"class_list":["post-7711","dlp_document","type-dlp_document","status-publish","hentry","doc_categories-acompanamiento-psicosocial","doc_categories-pregunta-osc","doc_tags-enfoques-diferenciales","doc_tags-mujeres","doc_tags-osigd","doc_tags-perspectiva-de-genero","doc_tags-salud-mental","file_type-pdf","pmpro-has-access"],"download_url":"https:\/\/humanas.org.co\/formacionconhumanas\/wp-content\/uploads\/2023\/05\/Pregunta-No.-001-2018-Psicosocial.uv_.pdf","file_size":"184 KB","filename":"Pregunta-No.-001-2018-Psicosocial.uv_.pdf","download_count":"5","version_history":[],"_links":{"self":[{"href":"https:\/\/humanas.org.co\/formacionconhumanas\/wp-json\/wp\/v2\/dlp_document\/7711","targetHints":{"allow":["GET"]}}],"collection":[{"href":"https:\/\/humanas.org.co\/formacionconhumanas\/wp-json\/wp\/v2\/dlp_document"}],"about":[{"href":"https:\/\/humanas.org.co\/formacionconhumanas\/wp-json\/wp\/v2\/types\/dlp_document"}],"author":[{"embeddable":true,"href":"https:\/\/humanas.org.co\/formacionconhumanas\/wp-json\/wp\/v2\/users\/1"}],"version-history":[{"count":1,"href":"https:\/\/humanas.org.co\/formacionconhumanas\/wp-json\/wp\/v2\/dlp_document\/7711\/revisions"}],"predecessor-version":[{"id":7713,"href":"https:\/\/humanas.org.co\/formacionconhumanas\/wp-json\/wp\/v2\/dlp_document\/7711\/revisions\/7713"}],"wp:attachment":[{"href":"https:\/\/humanas.org.co\/formacionconhumanas\/wp-json\/wp\/v2\/media?parent=7711"}],"wp:term":[{"taxonomy":"doc_categories","embeddable":true,"href":"https:\/\/humanas.org.co\/formacionconhumanas\/wp-json\/wp\/v2\/doc_categories?post=7711"},{"taxonomy":"doc_tags","embeddable":true,"href":"https:\/\/humanas.org.co\/formacionconhumanas\/wp-json\/wp\/v2\/doc_tags?post=7711"},{"taxonomy":"doc_author","embeddable":true,"href":"https:\/\/humanas.org.co\/formacionconhumanas\/wp-json\/wp\/v2\/doc_author?post=7711"},{"taxonomy":"file_type","embeddable":true,"href":"https:\/\/humanas.org.co\/formacionconhumanas\/wp-json\/wp\/v2\/file_type?post=7711"}],"curies":[{"name":"wp","href":"https:\/\/api.w.org\/{rel}","templated":true}]}}