{"id":5312,"date":"2022-09-23T15:28:49","date_gmt":"2022-09-23T20:28:49","guid":{"rendered":"https:\/\/humanas.org.co\/formacionconhumanas\/?page_id=5312"},"modified":"2023-06-22T17:33:36","modified_gmt":"2023-06-22T22:33:36","slug":"tutoras","status":"publish","type":"page","link":"https:\/\/humanas.org.co\/formacionconhumanas\/tutoras\/","title":{"rendered":"Tutoras"},"content":{"rendered":"\t\t<div data-elementor-type=\"wp-page\" data-elementor-id=\"5312\" class=\"elementor elementor-5312\" data-elementor-post-type=\"page\">\n\t\t\t\t\t\t<section class=\"elementor-section elementor-top-section elementor-element elementor-element-efa355c elementor-section-boxed elementor-section-height-default elementor-section-height-default\" data-id=\"efa355c\" data-element_type=\"section\" data-e-type=\"section\">\n\t\t\t\t\t\t<div class=\"elementor-container elementor-column-gap-default\">\n\t\t\t\t\t<div class=\"elementor-column elementor-col-100 elementor-top-column elementor-element elementor-element-4891122\" data-id=\"4891122\" data-element_type=\"column\" data-e-type=\"column\">\n\t\t\t<div class=\"elementor-widget-wrap elementor-element-populated\">\n\t\t\t\t\t\t<div class=\"elementor-element elementor-element-424fe16 elementor-widget elementor-widget-heading\" data-id=\"424fe16\" data-element_type=\"widget\" data-e-type=\"widget\" data-widget_type=\"heading.default\">\n\t\t\t\t<div class=\"elementor-widget-container\">\n\t\t\t\t\t<h2 class=\"elementor-heading-title elementor-size-default\">Tutoras<\/h2>\t\t\t\t<\/div>\n\t\t\t\t<\/div>\n\t\t\t\t\t<\/div>\n\t\t<\/div>\n\t\t\t\t\t<\/div>\n\t\t<\/section>\n\t\t\t\t<section class=\"elementor-section elementor-top-section elementor-element elementor-element-2a8cd15 elementor-section-boxed elementor-section-height-default elementor-section-height-default\" data-id=\"2a8cd15\" data-element_type=\"section\" data-e-type=\"section\">\n\t\t\t\t\t\t<div class=\"elementor-container elementor-column-gap-default\">\n\t\t\t\t\t<div class=\"elementor-column elementor-col-100 elementor-top-column elementor-element elementor-element-253cb4d\" data-id=\"253cb4d\" data-element_type=\"column\" data-e-type=\"column\">\n\t\t\t<div class=\"elementor-widget-wrap elementor-element-populated\">\n\t\t\t\t\t\t<div class=\"elementor-element elementor-element-8685aea elementor-widget elementor-widget-template\" data-id=\"8685aea\" data-element_type=\"widget\" data-e-type=\"widget\" data-widget_type=\"template.default\">\n\t\t\t\t<div class=\"elementor-widget-container\">\n\t\t\t\t\t\t\t<div class=\"elementor-template\">\n\t\t\t\t\t<div data-elementor-type=\"section\" data-elementor-id=\"6915\" class=\"elementor elementor-6915\" data-elementor-post-type=\"elementor_library\">\n\t\t\t\t\t<section class=\"elementor-section elementor-top-section elementor-element elementor-element-1f364f70 elementor-section-boxed elementor-section-height-default elementor-section-height-default\" data-id=\"1f364f70\" data-element_type=\"section\" data-e-type=\"section\">\n\t\t\t\t\t\t\t<div class=\"elementor-background-overlay\"><\/div>\n\t\t\t\t\t\t\t<div class=\"elementor-container elementor-column-gap-default\">\n\t\t\t\t\t<div class=\"elementor-column elementor-col-100 elementor-top-column elementor-element elementor-element-590ce29d\" data-id=\"590ce29d\" data-element_type=\"column\" data-e-type=\"column\">\n\t\t\t<div class=\"elementor-widget-wrap elementor-element-populated\">\n\t\t\t\t\t\t<div class=\"elementor-element elementor-element-231599fc elementor-nav-menu__align-center elementor-nav-menu--dropdown-none elementor-widget elementor-widget-nav-menu\" data-id=\"231599fc\" data-element_type=\"widget\" data-e-type=\"widget\" data-settings=\"{&quot;layout&quot;:&quot;horizontal&quot;,&quot;submenu_icon&quot;:{&quot;value&quot;:&quot;&lt;svg aria-hidden=\\&quot;true\\&quot; class=\\&quot;e-font-icon-svg e-fas-caret-down\\&quot; viewBox=\\&quot;0 0 320 512\\&quot; xmlns=\\&quot;http:\\\/\\\/www.w3.org\\\/2000\\\/svg\\&quot;&gt;&lt;path d=\\&quot;M31.3 192h257.3c17.8 0 26.7 21.5 14.1 34.1L174.1 354.8c-7.8 7.8-20.5 7.8-28.3 0L17.2 226.1C4.6 213.5 13.5 192 31.3 192z\\&quot;&gt;&lt;\\\/path&gt;&lt;\\\/svg&gt;&quot;,&quot;library&quot;:&quot;fa-solid&quot;}}\" data-widget_type=\"nav-menu.default\">\n\t\t\t\t<div class=\"elementor-widget-container\">\n\t\t\t\t\t\t\t\t<nav aria-label=\"Men\u00fa\" class=\"elementor-nav-menu--main elementor-nav-menu__container elementor-nav-menu--layout-horizontal e--pointer-background e--animation-grow\">\n\t\t\t\t<ul id=\"menu-1-231599fc\" class=\"elementor-nav-menu\"><li class=\"menu-item menu-item-type-custom menu-item-object-custom menu-item-6895\"><a href=\"https:\/\/humanas.org.co\/formacionconhumanas\/mentoring-osc\/\" class=\"elementor-item\">Inicio<\/a><\/li>\n<li class=\"menu-item menu-item-type-post_type menu-item-object-page menu-item-6896\"><a href=\"https:\/\/humanas.org.co\/formacionconhumanas\/banco-de-preguntas\/\" class=\"elementor-item\">Banco de preguntas<\/a><\/li>\n<li class=\"menu-item menu-item-type-post_type menu-item-object-page menu-item-6894\"><a href=\"https:\/\/humanas.org.co\/formacionconhumanas\/biblioteca-virtual\/\" class=\"elementor-item\">Biblioteca virtual<\/a><\/li>\n<li class=\"menu-item menu-item-type-post_type menu-item-object-page menu-item-6893\"><a href=\"https:\/\/humanas.org.co\/formacionconhumanas\/tutoras\/\" class=\"elementor-item\">Tutoras<\/a><\/li>\n<li class=\"menu-item menu-item-type-post_type menu-item-object-page menu-item-6906\"><a href=\"https:\/\/humanas.org.co\/formacionconhumanas\/novedades-osc\/\" class=\"elementor-item\">Novedades OSC<\/a><\/li>\n<li class=\"menu-item menu-item-type-post_type menu-item-object-page menu-item-6903\"><a href=\"https:\/\/humanas.org.co\/formacionconhumanas\/contacto-osc\/\" class=\"elementor-item\">Cont\u00e1ctenos<\/a><\/li>\n<li class=\"menu-item menu-item-type-post_type menu-item-object-page menu-item-7972\"><a href=\"https:\/\/humanas.org.co\/formacionconhumanas\/ayuda-mentoring-juridico-osc\/\" class=\"elementor-item\">Ayuda<\/a><\/li>\n<\/ul>\t\t\t<\/nav>\n\t\t\t\t\t\t<nav class=\"elementor-nav-menu--dropdown elementor-nav-menu__container\" aria-hidden=\"true\">\n\t\t\t\t<ul id=\"menu-2-231599fc\" class=\"elementor-nav-menu\"><li class=\"menu-item menu-item-type-custom menu-item-object-custom menu-item-6895\"><a href=\"https:\/\/humanas.org.co\/formacionconhumanas\/mentoring-osc\/\" class=\"elementor-item\" tabindex=\"-1\">Inicio<\/a><\/li>\n<li class=\"menu-item menu-item-type-post_type menu-item-object-page menu-item-6896\"><a href=\"https:\/\/humanas.org.co\/formacionconhumanas\/banco-de-preguntas\/\" class=\"elementor-item\" tabindex=\"-1\">Banco de preguntas<\/a><\/li>\n<li class=\"menu-item menu-item-type-post_type menu-item-object-page menu-item-6894\"><a href=\"https:\/\/humanas.org.co\/formacionconhumanas\/biblioteca-virtual\/\" class=\"elementor-item\" tabindex=\"-1\">Biblioteca virtual<\/a><\/li>\n<li class=\"menu-item menu-item-type-post_type menu-item-object-page menu-item-6893\"><a href=\"https:\/\/humanas.org.co\/formacionconhumanas\/tutoras\/\" class=\"elementor-item\" tabindex=\"-1\">Tutoras<\/a><\/li>\n<li class=\"menu-item menu-item-type-post_type menu-item-object-page menu-item-6906\"><a href=\"https:\/\/humanas.org.co\/formacionconhumanas\/novedades-osc\/\" class=\"elementor-item\" tabindex=\"-1\">Novedades OSC<\/a><\/li>\n<li class=\"menu-item menu-item-type-post_type menu-item-object-page menu-item-6903\"><a href=\"https:\/\/humanas.org.co\/formacionconhumanas\/contacto-osc\/\" class=\"elementor-item\" tabindex=\"-1\">Cont\u00e1ctenos<\/a><\/li>\n<li class=\"menu-item menu-item-type-post_type menu-item-object-page menu-item-7972\"><a href=\"https:\/\/humanas.org.co\/formacionconhumanas\/ayuda-mentoring-juridico-osc\/\" class=\"elementor-item\" tabindex=\"-1\">Ayuda<\/a><\/li>\n<\/ul>\t\t\t<\/nav>\n\t\t\t\t\t\t<\/div>\n\t\t\t\t<\/div>\n\t\t<div class=\"elementor-element elementor-element-08cd096 e-con-full e-flex elementor-invisible e-con e-parent\" data-id=\"08cd096\" data-element_type=\"container\" data-e-type=\"container\" data-settings=\"{&quot;animation&quot;:&quot;fadeInUp&quot;}\">\n\t\t\t\t<div class=\"elementor-element elementor-element-b6e7fe8 elementor-position-inline-end elementor-view-default elementor-mobile-position-block-start elementor-widget elementor-widget-icon-box\" data-id=\"b6e7fe8\" data-element_type=\"widget\" data-e-type=\"widget\" data-widget_type=\"icon-box.default\">\n\t\t\t\t<div class=\"elementor-widget-container\">\n\t\t\t\t\t\t\t<div class=\"elementor-icon-box-wrapper\">\n\n\t\t\t\t\t\t<div class=\"elementor-icon-box-icon\">\n\t\t\t\t<a href=\"https:\/\/chat.whatsapp.com\/BVvqs8WeuHsE1IW3AtcNha\" class=\"elementor-icon\" tabindex=\"-1\" aria-label=\"\u00danase al grupo\">\n\t\t\t\t<svg aria-hidden=\"true\" class=\"e-font-icon-svg e-fab-whatsapp\" viewBox=\"0 0 448 512\" xmlns=\"http:\/\/www.w3.org\/2000\/svg\"><path d=\"M380.9 97.1C339 55.1 283.2 32 223.9 32c-122.4 0-222 99.6-222 222 0 39.1 10.2 77.3 29.6 111L0 480l117.7-30.9c32.4 17.7 68.9 27 106.1 27h.1c122.3 0 224.1-99.6 224.1-222 0-59.3-25.2-115-67.1-157zm-157 341.6c-33.2 0-65.7-8.9-94-25.7l-6.7-4-69.8 18.3L72 359.2l-4.4-7c-18.5-29.4-28.2-63.3-28.2-98.2 0-101.7 82.8-184.5 184.6-184.5 49.3 0 95.6 19.2 130.4 54.1 34.8 34.9 56.2 81.2 56.1 130.5 0 101.8-84.9 184.6-186.6 184.6zm101.2-138.2c-5.5-2.8-32.8-16.2-37.9-18-5.1-1.9-8.8-2.8-12.5 2.8-3.7 5.6-14.3 18-17.6 21.8-3.2 3.7-6.5 4.2-12 1.4-32.6-16.3-54-29.1-75.5-66-5.7-9.8 5.7-9.1 16.3-30.3 1.8-3.7.9-6.9-.5-9.7-1.4-2.8-12.5-30.1-17.1-41.2-4.5-10.8-9.1-9.3-12.5-9.5-3.2-.2-6.9-.2-10.6-.2-3.7 0-9.7 1.4-14.8 6.9-5.1 5.6-19.4 19-19.4 46.3 0 27.3 19.9 53.7 22.6 57.4 2.8 3.7 39.1 59.7 94.8 83.8 35.2 15.2 49 16.5 66.6 13.9 10.7-1.6 32.8-13.4 37.4-26.4 4.6-13 4.6-24.1 3.2-26.4-1.3-2.5-5-3.9-10.5-6.6z\"><\/path><\/svg>\t\t\t\t<\/a>\n\t\t\t<\/div>\n\t\t\t\n\t\t\t\t\t\t<div class=\"elementor-icon-box-content\">\n\n\t\t\t\t\t\t\t\t\t<h3 class=\"elementor-icon-box-title\">\n\t\t\t\t\t\t<a href=\"https:\/\/chat.whatsapp.com\/BVvqs8WeuHsE1IW3AtcNha\" >\n\t\t\t\t\t\t\t\u00danase al grupo\t\t\t\t\t\t<\/a>\n\t\t\t\t\t<\/h3>\n\t\t\t\t\n\t\t\t\t\n\t\t\t<\/div>\n\t\t\t\n\t\t<\/div>\n\t\t\t\t\t\t<\/div>\n\t\t\t\t<\/div>\n\t\t\t\t<\/div>\n\t\t\t\t\t<\/div>\n\t\t<\/div>\n\t\t\t\t\t<\/div>\n\t\t<\/section>\n\t\t\t\t<\/div>\n\t\t\t\t<\/div>\n\t\t\t\t\t\t<\/div>\n\t\t\t\t<\/div>\n\t\t\t\t\t<\/div>\n\t\t<\/div>\n\t\t\t\t\t<\/div>\n\t\t<\/section>\n\t\t\t\t<section class=\"elementor-section elementor-top-section elementor-element elementor-element-cf454b3 elementor-section-boxed elementor-section-height-default elementor-section-height-default\" data-id=\"cf454b3\" data-element_type=\"section\" data-e-type=\"section\">\n\t\t\t\t\t\t<div class=\"elementor-container elementor-column-gap-default\">\n\t\t\t\t\t<div class=\"elementor-column elementor-col-100 elementor-top-column elementor-element elementor-element-cba0582\" data-id=\"cba0582\" data-element_type=\"column\" data-e-type=\"column\">\n\t\t\t<div class=\"elementor-widget-wrap elementor-element-populated\">\n\t\t\t\t\t\t<div class=\"elementor-element elementor-element-45328b7 elementor-widget elementor-widget-image\" data-id=\"45328b7\" data-element_type=\"widget\" data-e-type=\"widget\" data-widget_type=\"image.default\">\n\t\t\t\t<div class=\"elementor-widget-container\">\n\t\t\t\t\t\t\t\t\t\t\t\t\t\t\t<img decoding=\"async\" width=\"300\" height=\"119\" src=\"https:\/\/humanas.org.co\/formacionconhumanas\/wp-content\/uploads\/2023\/02\/LOGO-MENTORING-300x119.jpg\" class=\"attachment-medium size-medium wp-image-6952\" alt=\"\" srcset=\"https:\/\/humanas.org.co\/formacionconhumanas\/wp-content\/uploads\/2023\/02\/LOGO-MENTORING-300x119.jpg 300w, https:\/\/humanas.org.co\/formacionconhumanas\/wp-content\/uploads\/2023\/02\/LOGO-MENTORING-768x306.jpg 768w, https:\/\/humanas.org.co\/formacionconhumanas\/wp-content\/uploads\/2023\/02\/LOGO-MENTORING-997x397.jpg 997w, https:\/\/humanas.org.co\/formacionconhumanas\/wp-content\/uploads\/2023\/02\/LOGO-MENTORING-290x115.jpg 290w, https:\/\/humanas.org.co\/formacionconhumanas\/wp-content\/uploads\/2023\/02\/LOGO-MENTORING-266x106.jpg 266w, https:\/\/humanas.org.co\/formacionconhumanas\/wp-content\/uploads\/2023\/02\/LOGO-MENTORING-200x79.jpg 200w, https:\/\/humanas.org.co\/formacionconhumanas\/wp-content\/uploads\/2023\/02\/LOGO-MENTORING.jpg 1000w\" sizes=\"(max-width: 300px) 100vw, 300px\" \/>\t\t\t\t\t\t\t\t\t\t\t\t\t\t\t<\/div>\n\t\t\t\t<\/div>\n\t\t\t\t\t<\/div>\n\t\t<\/div>\n\t\t\t\t\t<\/div>\n\t\t<\/section>\n\t\t\t\t<section class=\"elementor-section elementor-top-section elementor-element elementor-element-34690e8 elementor-section-boxed elementor-section-height-default elementor-section-height-default\" data-id=\"34690e8\" data-element_type=\"section\" data-e-type=\"section\">\n\t\t\t\t\t\t<div class=\"elementor-container elementor-column-gap-default\">\n\t\t\t\t\t<div class=\"elementor-column elementor-col-50 elementor-top-column elementor-element elementor-element-055ee0b\" data-id=\"055ee0b\" data-element_type=\"column\" data-e-type=\"column\">\n\t\t\t<div class=\"elementor-widget-wrap elementor-element-populated\">\n\t\t\t\t\t\t<div class=\"elementor-element elementor-element-6a8f80a elementor-align-center elementor-widget elementor-widget-lottie\" data-id=\"6a8f80a\" data-element_type=\"widget\" data-e-type=\"widget\" data-settings=\"{&quot;source&quot;:&quot;external_url&quot;,&quot;source_external_url&quot;:{&quot;url&quot;:&quot;https:\\\/\\\/assets7.lottiefiles.com\\\/packages\\\/lf20_gmzzrncv.json&quot;,&quot;is_external&quot;:&quot;&quot;,&quot;nofollow&quot;:&quot;&quot;,&quot;custom_attributes&quot;:&quot;&quot;},&quot;link_to&quot;:&quot;none&quot;,&quot;trigger&quot;:&quot;arriving_to_viewport&quot;,&quot;viewport&quot;:{&quot;unit&quot;:&quot;%&quot;,&quot;size&quot;:&quot;&quot;,&quot;sizes&quot;:{&quot;start&quot;:0,&quot;end&quot;:100}},&quot;play_speed&quot;:{&quot;unit&quot;:&quot;px&quot;,&quot;size&quot;:1,&quot;sizes&quot;:[]},&quot;start_point&quot;:{&quot;unit&quot;:&quot;%&quot;,&quot;size&quot;:0,&quot;sizes&quot;:[]},&quot;end_point&quot;:{&quot;unit&quot;:&quot;%&quot;,&quot;size&quot;:100,&quot;sizes&quot;:[]},&quot;renderer&quot;:&quot;svg&quot;}\" data-widget_type=\"lottie.default\">\n\t\t\t\t<div class=\"elementor-widget-container\">\n\t\t\t\t\t<div class=\"e-lottie__container\"><div class=\"e-lottie__animation\"><\/div><\/div>\t\t\t\t<\/div>\n\t\t\t\t<\/div>\n\t\t\t\t\t<\/div>\n\t\t<\/div>\n\t\t\t\t<div class=\"elementor-column elementor-col-50 elementor-top-column elementor-element elementor-element-92b2f13\" data-id=\"92b2f13\" data-element_type=\"column\" data-e-type=\"column\">\n\t\t\t<div class=\"elementor-widget-wrap elementor-element-populated\">\n\t\t\t\t\t\t<div class=\"elementor-element elementor-element-87e5b05 elementor-widget elementor-widget-text-editor\" data-id=\"87e5b05\" data-element_type=\"widget\" data-e-type=\"widget\" data-widget_type=\"text-editor.default\">\n\t\t\t\t<div class=\"elementor-widget-container\">\n\t\t\t\t\t\t\t\t\t<p><span style=\"font-weight: 400;\">Nuestro equipo est\u00e1 formado por profesionales altamente cualificadas que se dedican a la prevenci\u00f3n y atenci\u00f3n de la violencia de g\u00e9nero y la violencias contra las mujeres. Nuestras tutoras son abogadas y psic\u00f3logas experimentadas que aportan su conocimiento para brindarle el apoyo y la orientaci\u00f3n que necesita.<br \/><\/span><br \/>Como especialistas en sus respectivos campos, las tutoras tienen\u00a0 amplio conocimiento en los aspectos legales y psicol\u00f3gicos de la violencia de g\u00e9nero e intrafamiliar. Utilizan este conocimiento para brindar soluciones pr\u00e1cticas y efectivas que le ayudar\u00e1n a superar los desaf\u00edos que pueda enfrentar. <\/p>\n<p>A continuaci\u00f3n presentamos el equipo de tutoras que participan en la construcci\u00f3n de contenidos del mentoring:<\/p>\n\t\t\t\t\t\t\t\t<\/div>\n\t\t\t\t<\/div>\n\t\t\t\t\t<\/div>\n\t\t<\/div>\n\t\t\t\t\t<\/div>\n\t\t<\/section>\n\t\t\t\t<section class=\"elementor-section elementor-top-section elementor-element elementor-element-5423220 elementor-section-boxed elementor-section-height-default elementor-section-height-default\" data-id=\"5423220\" data-element_type=\"section\" data-e-type=\"section\">\n\t\t\t\t\t\t<div class=\"elementor-container elementor-column-gap-default\">\n\t\t\t\t\t<div class=\"elementor-column elementor-col-100 elementor-top-column elementor-element elementor-element-0e5d603\" data-id=\"0e5d603\" data-element_type=\"column\" data-e-type=\"column\">\n\t\t\t<div class=\"elementor-widget-wrap elementor-element-populated\">\n\t\t\t\t\t\t<div class=\"elementor-element elementor-element-2cc7ec2 elementor-widget elementor-widget-spacer\" data-id=\"2cc7ec2\" data-element_type=\"widget\" data-e-type=\"widget\" data-widget_type=\"spacer.default\">\n\t\t\t\t<div class=\"elementor-widget-container\">\n\t\t\t\t\t\t\t<div class=\"elementor-spacer\">\n\t\t\t<div class=\"elementor-spacer-inner\"><\/div>\n\t\t<\/div>\n\t\t\t\t\t\t<\/div>\n\t\t\t\t<\/div>\n\t\t\t\t\t<\/div>\n\t\t<\/div>\n\t\t\t\t\t<\/div>\n\t\t<\/section>\n\t\t\t\t<section class=\"elementor-section elementor-top-section elementor-element elementor-element-b7d618a elementor-section-boxed elementor-section-height-default elementor-section-height-default\" data-id=\"b7d618a\" data-element_type=\"section\" data-e-type=\"section\">\n\t\t\t\t\t\t<div class=\"elementor-container elementor-column-gap-custom\">\n\t\t\t\t\t<div class=\"elementor-column elementor-col-50 elementor-top-column elementor-element elementor-element-2865c70\" data-id=\"2865c70\" data-element_type=\"column\" data-e-type=\"column\" data-settings=\"{&quot;background_background&quot;:&quot;classic&quot;}\">\n\t\t\t<div class=\"elementor-widget-wrap elementor-element-populated\">\n\t\t\t\t\t<div class=\"elementor-background-overlay\"><\/div>\n\t\t\t\t\t\t<div class=\"elementor-element elementor-element-29dd78e elementor-widget elementor-widget-image\" data-id=\"29dd78e\" data-element_type=\"widget\" data-e-type=\"widget\" data-widget_type=\"image.default\">\n\t\t\t\t<div class=\"elementor-widget-container\">\n\t\t\t\t\t\t\t\t\t\t\t\t\t\t\t<img decoding=\"async\" width=\"150\" height=\"150\" src=\"https:\/\/humanas.org.co\/formacionconhumanas\/wp-content\/uploads\/2023\/03\/imo_70827_q_Vivi-150x150-1.png\" class=\"attachment-large size-large wp-image-7423\" alt=\"\" srcset=\"https:\/\/humanas.org.co\/formacionconhumanas\/wp-content\/uploads\/2023\/03\/imo_70827_q_Vivi-150x150-1.png 150w, https:\/\/humanas.org.co\/formacionconhumanas\/wp-content\/uploads\/2023\/03\/imo_70827_q_Vivi-150x150-1-75x75.png 75w, https:\/\/humanas.org.co\/formacionconhumanas\/wp-content\/uploads\/2023\/03\/imo_70827_q_Vivi-150x150-1-129x129.png 129w, https:\/\/humanas.org.co\/formacionconhumanas\/wp-content\/uploads\/2023\/03\/imo_70827_q_Vivi-150x150-1-69x69.png 69w\" sizes=\"(max-width: 150px) 100vw, 150px\" \/>\t\t\t\t\t\t\t\t\t\t\t\t\t\t\t<\/div>\n\t\t\t\t<\/div>\n\t\t\t\t<div class=\"elementor-element elementor-element-7234478 elementor-widget elementor-widget-heading\" data-id=\"7234478\" data-element_type=\"widget\" data-e-type=\"widget\" data-widget_type=\"heading.default\">\n\t\t\t\t<div class=\"elementor-widget-container\">\n\t\t\t\t\t<h2 class=\"elementor-heading-title elementor-size-default\">Viviana Rodr\u00edguez Pe\u00f1a\u200b<\/h2>\t\t\t\t<\/div>\n\t\t\t\t<\/div>\n\t\t\t\t<div class=\"elementor-element elementor-element-6ac8b22 elementor-widget elementor-widget-heading\" data-id=\"6ac8b22\" data-element_type=\"widget\" data-e-type=\"widget\" data-widget_type=\"heading.default\">\n\t\t\t\t<div class=\"elementor-widget-container\">\n\t\t\t\t\t<h3 class=\"elementor-heading-title elementor-size-default\">Coordinadora del \u00e1rea jur\u00eddica<\/h3>\t\t\t\t<\/div>\n\t\t\t\t<\/div>\n\t\t\t\t<div class=\"elementor-element elementor-element-db931da elementor-widget elementor-widget-text-editor\" data-id=\"db931da\" data-element_type=\"widget\" data-e-type=\"widget\" data-widget_type=\"text-editor.default\">\n\t\t\t\t<div class=\"elementor-widget-container\">\n\t\t\t\t\t\t\t\t\t<p>Abogada especializada en derechos humanos y DIH, estudiante de maestr\u00eda en Estudios Pol\u00edticos, con experiencia en el acompa\u00f1amiento, representaci\u00f3n judicial y formaci\u00f3n a v\u00edctimas de violaciones de derechos humanos, y comunidades, con enfoque de g\u00e9nero y diferencial. Ha participado en proyectos de acceso a la justicia para mujeres v\u00edctimas de VBG, pol\u00edtica p\u00fablica con enfoque de g\u00e9nero, defensoras de derechos humanos, reparaci\u00f3n colectiva, y liderazgo social y pol\u00edtico de las mujeres. Actualmente se desempe\u00f1a como coordinadora del \u00e1rea jur\u00eddica.<\/p>\n\t\t\t\t\t\t\t\t<\/div>\n\t\t\t\t<\/div>\n\t\t\t\t<div class=\"elementor-element elementor-element-8f34e66 elementor-align-center elementor-icon-list--layout-traditional elementor-list-item-link-full_width elementor-widget elementor-widget-icon-list\" data-id=\"8f34e66\" data-element_type=\"widget\" data-e-type=\"widget\" data-widget_type=\"icon-list.default\">\n\t\t\t\t<div class=\"elementor-widget-container\">\n\t\t\t\t\t\t\t<ul class=\"elementor-icon-list-items\">\n\t\t\t\t\t\t\t<li class=\"elementor-icon-list-item\">\n\t\t\t\t\t\t\t\t\t\t\t<a href=\"mailto:vrodriguez@humanas.org.co\">\n\n\t\t\t\t\t\t\t\t\t\t\t\t<span class=\"elementor-icon-list-icon\">\n\t\t\t\t\t\t\t<i aria-hidden=\"true\" class=\" fa-icon-stm_icon_mail-o\"><\/i>\t\t\t\t\t\t<\/span>\n\t\t\t\t\t\t\t\t\t\t<span class=\"elementor-icon-list-text\">vrodriguez@humanas.org.co<\/span>\n\t\t\t\t\t\t\t\t\t\t\t<\/a>\n\t\t\t\t\t\t\t\t\t<\/li>\n\t\t\t\t\t\t<\/ul>\n\t\t\t\t\t\t<\/div>\n\t\t\t\t<\/div>\n\t\t\t\t\t<\/div>\n\t\t<\/div>\n\t\t\t\t<div class=\"elementor-column elementor-col-50 elementor-top-column elementor-element elementor-element-b0c695a\" data-id=\"b0c695a\" data-element_type=\"column\" data-e-type=\"column\" data-settings=\"{&quot;background_background&quot;:&quot;classic&quot;}\">\n\t\t\t<div class=\"elementor-widget-wrap elementor-element-populated\">\n\t\t\t\t\t<div class=\"elementor-background-overlay\"><\/div>\n\t\t\t\t\t\t<div class=\"elementor-element elementor-element-d9784bc elementor-widget elementor-widget-image\" data-id=\"d9784bc\" data-element_type=\"widget\" data-e-type=\"widget\" data-widget_type=\"image.default\">\n\t\t\t\t<div class=\"elementor-widget-container\">\n\t\t\t\t\t\t\t\t\t\t\t\t\t\t\t<img decoding=\"async\" width=\"150\" height=\"150\" src=\"https:\/\/humanas.org.co\/formacionconhumanas\/wp-content\/uploads\/2023\/03\/WhatsApp-Image-2022-10-20-at-11.36.56-AM-150x150-1.jpeg\" class=\"attachment-large size-large wp-image-7418\" alt=\"\" srcset=\"https:\/\/humanas.org.co\/formacionconhumanas\/wp-content\/uploads\/2023\/03\/WhatsApp-Image-2022-10-20-at-11.36.56-AM-150x150-1.jpeg 150w, https:\/\/humanas.org.co\/formacionconhumanas\/wp-content\/uploads\/2023\/03\/WhatsApp-Image-2022-10-20-at-11.36.56-AM-150x150-1-75x75.jpeg 75w, https:\/\/humanas.org.co\/formacionconhumanas\/wp-content\/uploads\/2023\/03\/WhatsApp-Image-2022-10-20-at-11.36.56-AM-150x150-1-129x129.jpeg 129w, https:\/\/humanas.org.co\/formacionconhumanas\/wp-content\/uploads\/2023\/03\/WhatsApp-Image-2022-10-20-at-11.36.56-AM-150x150-1-69x69.jpeg 69w\" sizes=\"(max-width: 150px) 100vw, 150px\" \/>\t\t\t\t\t\t\t\t\t\t\t\t\t\t\t<\/div>\n\t\t\t\t<\/div>\n\t\t\t\t<div class=\"elementor-element elementor-element-0f2bdec elementor-widget elementor-widget-heading\" data-id=\"0f2bdec\" data-element_type=\"widget\" data-e-type=\"widget\" data-widget_type=\"heading.default\">\n\t\t\t\t<div class=\"elementor-widget-container\">\n\t\t\t\t\t<h2 class=\"elementor-heading-title elementor-size-default\">Debbie Patricia Hern\u00e1ndez\u200b<\/h2>\t\t\t\t<\/div>\n\t\t\t\t<\/div>\n\t\t\t\t<div class=\"elementor-element elementor-element-9ca79c9 elementor-widget elementor-widget-heading\" data-id=\"9ca79c9\" data-element_type=\"widget\" data-e-type=\"widget\" data-widget_type=\"heading.default\">\n\t\t\t\t<div class=\"elementor-widget-container\">\n\t\t\t\t\t<h3 class=\"elementor-heading-title elementor-size-default\">Abogada<\/h3>\t\t\t\t<\/div>\n\t\t\t\t<\/div>\n\t\t\t\t<div class=\"elementor-element elementor-element-c0c6c0a elementor-widget elementor-widget-text-editor\" data-id=\"c0c6c0a\" data-element_type=\"widget\" data-e-type=\"widget\" data-widget_type=\"text-editor.default\">\n\t\t\t\t<div class=\"elementor-widget-container\">\n\t\t\t\t\t\t\t\t\t<p>Feminista, con formaci\u00f3n en Derechos Humanos, Derecho Internacional Humanitario y Derechos Humanos de las Mujeres. Su experiencia ha estado centrada en la educaci\u00f3n, promoci\u00f3n y defensa de los Derechos Humanos de las mujeres a trav\u00e9s de diversos procesos sociales y jur\u00eddicos. Tiene experiencia en procesos de formaci\u00f3n a funcionarios y funcionarias en cu\u00e1nto a la normativa y enfoques para la atenci\u00f3n de v\u00edctimas de violencias basadas en g\u00e9nero; en litigio estrat\u00e9gico en justicia ordinaria y transicional y en procesos de investigaci\u00f3n e implementaci\u00f3n de rutas de atenci\u00f3n.<\/p>\n\t\t\t\t\t\t\t\t<\/div>\n\t\t\t\t<\/div>\n\t\t\t\t<div class=\"elementor-element elementor-element-e7348f7 elementor-align-center elementor-icon-list--layout-traditional elementor-list-item-link-full_width elementor-widget elementor-widget-icon-list\" data-id=\"e7348f7\" data-element_type=\"widget\" data-e-type=\"widget\" data-widget_type=\"icon-list.default\">\n\t\t\t\t<div class=\"elementor-widget-container\">\n\t\t\t\t\t\t\t<ul class=\"elementor-icon-list-items\">\n\t\t\t\t\t\t\t<li class=\"elementor-icon-list-item\">\n\t\t\t\t\t\t\t\t\t\t\t<a href=\"mailto:dhernandez@humanas.org.co\">\n\n\t\t\t\t\t\t\t\t\t\t\t\t<span class=\"elementor-icon-list-icon\">\n\t\t\t\t\t\t\t<i aria-hidden=\"true\" class=\" fa-icon-stm_icon_mail-o\"><\/i>\t\t\t\t\t\t<\/span>\n\t\t\t\t\t\t\t\t\t\t<span class=\"elementor-icon-list-text\">dhernandez@humanas.org.co<\/span>\n\t\t\t\t\t\t\t\t\t\t\t<\/a>\n\t\t\t\t\t\t\t\t\t<\/li>\n\t\t\t\t\t\t<\/ul>\n\t\t\t\t\t\t<\/div>\n\t\t\t\t<\/div>\n\t\t\t\t\t<\/div>\n\t\t<\/div>\n\t\t\t\t\t<\/div>\n\t\t<\/section>\n\t\t\t\t<section class=\"elementor-section elementor-top-section elementor-element elementor-element-9c90ac8 elementor-section-boxed elementor-section-height-default elementor-section-height-default\" data-id=\"9c90ac8\" data-element_type=\"section\" data-e-type=\"section\">\n\t\t\t\t\t\t<div class=\"elementor-container elementor-column-gap-default\">\n\t\t\t\t\t<div class=\"elementor-column elementor-col-100 elementor-top-column elementor-element elementor-element-033c289\" data-id=\"033c289\" data-element_type=\"column\" data-e-type=\"column\">\n\t\t\t<div class=\"elementor-widget-wrap elementor-element-populated\">\n\t\t\t\t\t\t<div class=\"elementor-element elementor-element-3f1c68a elementor-widget elementor-widget-spacer\" data-id=\"3f1c68a\" data-element_type=\"widget\" data-e-type=\"widget\" data-widget_type=\"spacer.default\">\n\t\t\t\t<div class=\"elementor-widget-container\">\n\t\t\t\t\t\t\t<div class=\"elementor-spacer\">\n\t\t\t<div class=\"elementor-spacer-inner\"><\/div>\n\t\t<\/div>\n\t\t\t\t\t\t<\/div>\n\t\t\t\t<\/div>\n\t\t\t\t\t<\/div>\n\t\t<\/div>\n\t\t\t\t\t<\/div>\n\t\t<\/section>\n\t\t\t\t<section class=\"elementor-section elementor-top-section elementor-element elementor-element-68b9b6e elementor-section-boxed elementor-section-height-default elementor-section-height-default\" data-id=\"68b9b6e\" data-element_type=\"section\" data-e-type=\"section\">\n\t\t\t\t\t\t<div class=\"elementor-container elementor-column-gap-custom\">\n\t\t\t\t\t<div class=\"elementor-column elementor-col-50 elementor-top-column elementor-element elementor-element-4f38e10\" data-id=\"4f38e10\" data-element_type=\"column\" data-e-type=\"column\" data-settings=\"{&quot;background_background&quot;:&quot;classic&quot;}\">\n\t\t\t<div class=\"elementor-widget-wrap elementor-element-populated\">\n\t\t\t\t\t<div class=\"elementor-background-overlay\"><\/div>\n\t\t\t\t\t\t<div class=\"elementor-element elementor-element-6006068 elementor-widget elementor-widget-image\" data-id=\"6006068\" data-element_type=\"widget\" data-e-type=\"widget\" data-widget_type=\"image.default\">\n\t\t\t\t<div class=\"elementor-widget-container\">\n\t\t\t\t\t\t\t\t\t\t\t\t\t\t\t<img loading=\"lazy\" decoding=\"async\" width=\"150\" height=\"150\" src=\"https:\/\/humanas.org.co\/formacionconhumanas\/wp-content\/uploads\/2023\/03\/Lina-Perilla-150x150-1.jpeg\" class=\"attachment-large size-large wp-image-7416\" alt=\"\" srcset=\"https:\/\/humanas.org.co\/formacionconhumanas\/wp-content\/uploads\/2023\/03\/Lina-Perilla-150x150-1.jpeg 150w, https:\/\/humanas.org.co\/formacionconhumanas\/wp-content\/uploads\/2023\/03\/Lina-Perilla-150x150-1-75x75.jpeg 75w, https:\/\/humanas.org.co\/formacionconhumanas\/wp-content\/uploads\/2023\/03\/Lina-Perilla-150x150-1-129x129.jpeg 129w, https:\/\/humanas.org.co\/formacionconhumanas\/wp-content\/uploads\/2023\/03\/Lina-Perilla-150x150-1-69x69.jpeg 69w\" sizes=\"(max-width: 150px) 100vw, 150px\" \/>\t\t\t\t\t\t\t\t\t\t\t\t\t\t\t<\/div>\n\t\t\t\t<\/div>\n\t\t\t\t<div class=\"elementor-element elementor-element-c71a4dd elementor-widget elementor-widget-heading\" data-id=\"c71a4dd\" data-element_type=\"widget\" data-e-type=\"widget\" data-widget_type=\"heading.default\">\n\t\t\t\t<div class=\"elementor-widget-container\">\n\t\t\t\t\t<h2 class=\"elementor-heading-title elementor-size-default\">Lina Mar\u00eda Perilla Cubides\u200b<\/h2>\t\t\t\t<\/div>\n\t\t\t\t<\/div>\n\t\t\t\t<div class=\"elementor-element elementor-element-a914561 elementor-widget elementor-widget-heading\" data-id=\"a914561\" data-element_type=\"widget\" data-e-type=\"widget\" data-widget_type=\"heading.default\">\n\t\t\t\t<div class=\"elementor-widget-container\">\n\t\t\t\t\t<h3 class=\"elementor-heading-title elementor-size-default\">Psic\u00f3loga<\/h3>\t\t\t\t<\/div>\n\t\t\t\t<\/div>\n\t\t\t\t<div class=\"elementor-element elementor-element-c903ed4 elementor-widget elementor-widget-text-editor\" data-id=\"c903ed4\" data-element_type=\"widget\" data-e-type=\"widget\" data-widget_type=\"text-editor.default\">\n\t\t\t\t<div class=\"elementor-widget-container\">\n\t\t\t\t\t\t\t\t\t<p>Egresada de la Universidad Nacional de Colombia, especialista en Gerencia de Proyectos de la Universidad El Bosque. Con experiencia como asesora psicosocial para la atenci\u00f3n a poblaci\u00f3n vulnerable, especialmente v\u00edctimas del conflicto armado, brindando atenci\u00f3n y realizando asistencia t\u00e9cnica a equipos de profesionales que se desempe\u00f1an en proyectos enmarcados dentro de la Ley de V\u00edctimas y Restituci\u00f3n de tierras, as\u00ed como a equipos de atenci\u00f3n para la prevenci\u00f3n del maltrato contra Ni\u00f1os, Ni\u00f1as y Adolescentes. Se ha desempe\u00f1ado como profesional psicosocial de la Jurisdicci\u00f3n Especial para la Paz, en asistencia y atenci\u00f3n a comparecientes; la Unidad de Restituci\u00f3n de Tierras y en proyectos con la Comisi\u00f3n de la Verdad.<\/p>\n\t\t\t\t\t\t\t\t<\/div>\n\t\t\t\t<\/div>\n\t\t\t\t<div class=\"elementor-element elementor-element-d93d637 elementor-align-center elementor-icon-list--layout-traditional elementor-list-item-link-full_width elementor-widget elementor-widget-icon-list\" data-id=\"d93d637\" data-element_type=\"widget\" data-e-type=\"widget\" data-widget_type=\"icon-list.default\">\n\t\t\t\t<div class=\"elementor-widget-container\">\n\t\t\t\t\t\t\t<ul class=\"elementor-icon-list-items\">\n\t\t\t\t\t\t\t<li class=\"elementor-icon-list-item\">\n\t\t\t\t\t\t\t\t\t\t\t<a href=\"mailto:vrodriguez@humanas.org.co\">\n\n\t\t\t\t\t\t\t\t\t\t\t\t<span class=\"elementor-icon-list-icon\">\n\t\t\t\t\t\t\t<i aria-hidden=\"true\" class=\" fa-icon-stm_icon_mail-o\"><\/i>\t\t\t\t\t\t<\/span>\n\t\t\t\t\t\t\t\t\t\t<span class=\"elementor-icon-list-text\">linaperilla@humanas.org.co<\/span>\n\t\t\t\t\t\t\t\t\t\t\t<\/a>\n\t\t\t\t\t\t\t\t\t<\/li>\n\t\t\t\t\t\t<\/ul>\n\t\t\t\t\t\t<\/div>\n\t\t\t\t<\/div>\n\t\t\t\t\t<\/div>\n\t\t<\/div>\n\t\t\t\t<div class=\"elementor-column elementor-col-50 elementor-top-column elementor-element elementor-element-d720a40\" data-id=\"d720a40\" data-element_type=\"column\" data-e-type=\"column\" data-settings=\"{&quot;background_background&quot;:&quot;classic&quot;}\">\n\t\t\t<div class=\"elementor-widget-wrap elementor-element-populated\">\n\t\t\t\t\t<div class=\"elementor-background-overlay\"><\/div>\n\t\t\t\t\t\t<div class=\"elementor-element elementor-element-a49f668 elementor-widget elementor-widget-image\" data-id=\"a49f668\" data-element_type=\"widget\" data-e-type=\"widget\" data-widget_type=\"image.default\">\n\t\t\t\t<div class=\"elementor-widget-container\">\n\t\t\t\t\t\t\t\t\t\t\t\t\t\t\t<img loading=\"lazy\" decoding=\"async\" width=\"150\" height=\"150\" src=\"https:\/\/humanas.org.co\/formacionconhumanas\/wp-content\/uploads\/2023\/03\/imo_72868_q_Cristina2-150x150-1.png\" class=\"attachment-large size-large wp-image-7409\" alt=\"\" srcset=\"https:\/\/humanas.org.co\/formacionconhumanas\/wp-content\/uploads\/2023\/03\/imo_72868_q_Cristina2-150x150-1.png 150w, https:\/\/humanas.org.co\/formacionconhumanas\/wp-content\/uploads\/2023\/03\/imo_72868_q_Cristina2-150x150-1-75x75.png 75w, https:\/\/humanas.org.co\/formacionconhumanas\/wp-content\/uploads\/2023\/03\/imo_72868_q_Cristina2-150x150-1-129x129.png 129w, https:\/\/humanas.org.co\/formacionconhumanas\/wp-content\/uploads\/2023\/03\/imo_72868_q_Cristina2-150x150-1-69x69.png 69w\" sizes=\"(max-width: 150px) 100vw, 150px\" \/>\t\t\t\t\t\t\t\t\t\t\t\t\t\t\t<\/div>\n\t\t\t\t<\/div>\n\t\t\t\t<div class=\"elementor-element elementor-element-2c2feeb elementor-widget elementor-widget-heading\" data-id=\"2c2feeb\" data-element_type=\"widget\" data-e-type=\"widget\" data-widget_type=\"heading.default\">\n\t\t\t\t<div class=\"elementor-widget-container\">\n\t\t\t\t\t<h2 class=\"elementor-heading-title elementor-size-default\">Ana Cristina Medina Beltr\u00e1n\u200b<\/h2>\t\t\t\t<\/div>\n\t\t\t\t<\/div>\n\t\t\t\t<div class=\"elementor-element elementor-element-33f20d7 elementor-widget elementor-widget-heading\" data-id=\"33f20d7\" data-element_type=\"widget\" data-e-type=\"widget\" data-widget_type=\"heading.default\">\n\t\t\t\t<div class=\"elementor-widget-container\">\n\t\t\t\t\t<h3 class=\"elementor-heading-title elementor-size-default\">Psic\u00f3loga<\/h3>\t\t\t\t<\/div>\n\t\t\t\t<\/div>\n\t\t\t\t<div class=\"elementor-element elementor-element-c75e73b elementor-widget elementor-widget-text-editor\" data-id=\"c75e73b\" data-element_type=\"widget\" data-e-type=\"widget\" data-widget_type=\"text-editor.default\">\n\t\t\t\t<div class=\"elementor-widget-container\">\n\t\t\t\t\t\t\t\t\t<p>Profesional de la Universidad Javeriana Bogot\u00e1, Colombia. Feminista, con maestr\u00eda en estudios interdisciplinares de g\u00e9nero de la Universidad Aut\u00f3noma de Madrid, Espa\u00f1a. Con experiencia en atenci\u00f3n, acompa\u00f1amiento y abordaje a los asuntos de mujeres y los g\u00e9neros diversos. Desde la priorizaci\u00f3n del enfoque psicosocial, ha realizado acciones profesionales abordando diversos tipos de violencias hacia las mujeres, vigilancia en violencia sexual, intrafamiliar y de g\u00e9nero. Adem\u00e1s, se percibe como una persona curiosa, con intereses en el dise\u00f1o de estrategias que encuentren las voces de las mujeres, la resonancia emocional con otros y otras, el intercambio de experiencias que apunten al cuidado de la salud mental tanto a nivel individual como colectivo.<\/p>\n\t\t\t\t\t\t\t\t<\/div>\n\t\t\t\t<\/div>\n\t\t\t\t<div class=\"elementor-element elementor-element-d54e3c4 elementor-align-center elementor-icon-list--layout-traditional elementor-list-item-link-full_width elementor-widget elementor-widget-icon-list\" data-id=\"d54e3c4\" data-element_type=\"widget\" data-e-type=\"widget\" data-widget_type=\"icon-list.default\">\n\t\t\t\t<div class=\"elementor-widget-container\">\n\t\t\t\t\t\t\t<ul class=\"elementor-icon-list-items\">\n\t\t\t\t\t\t\t<li class=\"elementor-icon-list-item\">\n\t\t\t\t\t\t\t\t\t\t\t<a href=\"mailto:cmedina@humanas.org.co\">\n\n\t\t\t\t\t\t\t\t\t\t\t\t<span class=\"elementor-icon-list-icon\">\n\t\t\t\t\t\t\t<i aria-hidden=\"true\" class=\" fa-icon-stm_icon_mail-o\"><\/i>\t\t\t\t\t\t<\/span>\n\t\t\t\t\t\t\t\t\t\t<span class=\"elementor-icon-list-text\">cmedina@humanas.org.co<\/span>\n\t\t\t\t\t\t\t\t\t\t\t<\/a>\n\t\t\t\t\t\t\t\t\t<\/li>\n\t\t\t\t\t\t<\/ul>\n\t\t\t\t\t\t<\/div>\n\t\t\t\t<\/div>\n\t\t\t\t\t<\/div>\n\t\t<\/div>\n\t\t\t\t\t<\/div>\n\t\t<\/section>\n\t\t\t\t<section class=\"elementor-section elementor-top-section elementor-element elementor-element-ee4b0a7 elementor-section-boxed elementor-section-height-default elementor-section-height-default\" data-id=\"ee4b0a7\" data-element_type=\"section\" data-e-type=\"section\">\n\t\t\t\t\t\t<div class=\"elementor-container elementor-column-gap-default\">\n\t\t\t\t\t<div class=\"elementor-column elementor-col-100 elementor-top-column elementor-element elementor-element-28b8944\" data-id=\"28b8944\" data-element_type=\"column\" data-e-type=\"column\">\n\t\t\t<div class=\"elementor-widget-wrap elementor-element-populated\">\n\t\t\t\t\t\t<div class=\"elementor-element elementor-element-b8e3e0f elementor-widget elementor-widget-spacer\" data-id=\"b8e3e0f\" data-element_type=\"widget\" data-e-type=\"widget\" data-widget_type=\"spacer.default\">\n\t\t\t\t<div class=\"elementor-widget-container\">\n\t\t\t\t\t\t\t<div class=\"elementor-spacer\">\n\t\t\t<div class=\"elementor-spacer-inner\"><\/div>\n\t\t<\/div>\n\t\t\t\t\t\t<\/div>\n\t\t\t\t<\/div>\n\t\t\t\t\t<\/div>\n\t\t<\/div>\n\t\t\t\t\t<\/div>\n\t\t<\/section>\n\t\t\t\t<section class=\"elementor-section elementor-top-section elementor-element elementor-element-6d9cbe4 elementor-section-boxed elementor-section-height-default elementor-section-height-default\" data-id=\"6d9cbe4\" data-element_type=\"section\" data-e-type=\"section\">\n\t\t\t\t\t\t<div class=\"elementor-container elementor-column-gap-custom\">\n\t\t\t\t\t<div class=\"elementor-column elementor-col-50 elementor-top-column elementor-element elementor-element-97376be\" data-id=\"97376be\" data-element_type=\"column\" data-e-type=\"column\" data-settings=\"{&quot;background_background&quot;:&quot;classic&quot;}\">\n\t\t\t<div class=\"elementor-widget-wrap elementor-element-populated\">\n\t\t\t\t\t<div class=\"elementor-background-overlay\"><\/div>\n\t\t\t\t\t\t<div class=\"elementor-element elementor-element-ad968ca elementor-widget elementor-widget-image\" data-id=\"ad968ca\" data-element_type=\"widget\" data-e-type=\"widget\" data-widget_type=\"image.default\">\n\t\t\t\t<div class=\"elementor-widget-container\">\n\t\t\t\t\t\t\t\t\t\t\t\t\t\t\t<img loading=\"lazy\" decoding=\"async\" width=\"150\" height=\"150\" src=\"https:\/\/humanas.org.co\/formacionconhumanas\/wp-content\/uploads\/2023\/03\/Foto-Carolina-Vizcaino-e1654719503387-150x150-1.jpeg\" class=\"attachment-large size-large wp-image-7405\" alt=\"\" srcset=\"https:\/\/humanas.org.co\/formacionconhumanas\/wp-content\/uploads\/2023\/03\/Foto-Carolina-Vizcaino-e1654719503387-150x150-1.jpeg 150w, https:\/\/humanas.org.co\/formacionconhumanas\/wp-content\/uploads\/2023\/03\/Foto-Carolina-Vizcaino-e1654719503387-150x150-1-75x75.jpeg 75w, https:\/\/humanas.org.co\/formacionconhumanas\/wp-content\/uploads\/2023\/03\/Foto-Carolina-Vizcaino-e1654719503387-150x150-1-129x129.jpeg 129w, https:\/\/humanas.org.co\/formacionconhumanas\/wp-content\/uploads\/2023\/03\/Foto-Carolina-Vizcaino-e1654719503387-150x150-1-69x69.jpeg 69w\" sizes=\"(max-width: 150px) 100vw, 150px\" \/>\t\t\t\t\t\t\t\t\t\t\t\t\t\t\t<\/div>\n\t\t\t\t<\/div>\n\t\t\t\t<div class=\"elementor-element elementor-element-8eb1f76 elementor-widget elementor-widget-heading\" data-id=\"8eb1f76\" data-element_type=\"widget\" data-e-type=\"widget\" data-widget_type=\"heading.default\">\n\t\t\t\t<div class=\"elementor-widget-container\">\n\t\t\t\t\t<h2 class=\"elementor-heading-title elementor-size-default\">Carolina Vizcaino Parrado<\/h2>\t\t\t\t<\/div>\n\t\t\t\t<\/div>\n\t\t\t\t<div class=\"elementor-element elementor-element-3631e02 elementor-widget elementor-widget-heading\" data-id=\"3631e02\" data-element_type=\"widget\" data-e-type=\"widget\" data-widget_type=\"heading.default\">\n\t\t\t\t<div class=\"elementor-widget-container\">\n\t\t\t\t\t<h3 class=\"elementor-heading-title elementor-size-default\">Abogada<\/h3>\t\t\t\t<\/div>\n\t\t\t\t<\/div>\n\t\t\t\t<div class=\"elementor-element elementor-element-4ac0b3e elementor-widget elementor-widget-text-editor\" data-id=\"4ac0b3e\" data-element_type=\"widget\" data-e-type=\"widget\" data-widget_type=\"text-editor.default\">\n\t\t\t\t<div class=\"elementor-widget-container\">\n\t\t\t\t\t\t\t\t\t<p>Profesional con profundizaci\u00f3n en Derecho Internacional de la Universidad del Rosario, especialista en Derecho Constitucional de la misma universidad. Su experiencia ha girado en torno a temas de protecci\u00f3n y garant\u00eda de los Derechos Humanos de las mujeres desde el litigio estrat\u00e9gico, la veedur\u00eda de implementaci\u00f3n de pol\u00edticas p\u00fablicas, la investigaci\u00f3n acad\u00e9mica y el litigio ordinario. Ha apoyado la implementaci\u00f3n de protocolos universitarios de Violencias Basadas en G\u00e9nero. Antes de trabajar en Humanas trabaj\u00f3 en la Universidad del Rosario en la Cl\u00ednica Jur\u00eddica contra Violencia Intrafamiliar y de G\u00e9nero y en la Secretar\u00eda Distrital de la Mujer.<\/p>\n\t\t\t\t\t\t\t\t<\/div>\n\t\t\t\t<\/div>\n\t\t\t\t<div class=\"elementor-element elementor-element-5e0aa04 elementor-align-center elementor-icon-list--layout-traditional elementor-list-item-link-full_width elementor-widget elementor-widget-icon-list\" data-id=\"5e0aa04\" data-element_type=\"widget\" data-e-type=\"widget\" data-widget_type=\"icon-list.default\">\n\t\t\t\t<div class=\"elementor-widget-container\">\n\t\t\t\t\t\t\t<ul class=\"elementor-icon-list-items\">\n\t\t\t\t\t\t\t<li class=\"elementor-icon-list-item\">\n\t\t\t\t\t\t\t\t\t\t\t<a href=\"mailto:cvizcaino@humanas.org.co\">\n\n\t\t\t\t\t\t\t\t\t\t\t\t<span class=\"elementor-icon-list-icon\">\n\t\t\t\t\t\t\t<i aria-hidden=\"true\" class=\" fa-icon-stm_icon_mail-o\"><\/i>\t\t\t\t\t\t<\/span>\n\t\t\t\t\t\t\t\t\t\t<span class=\"elementor-icon-list-text\">cvizcaino@humanas.org.co<\/span>\n\t\t\t\t\t\t\t\t\t\t\t<\/a>\n\t\t\t\t\t\t\t\t\t<\/li>\n\t\t\t\t\t\t<\/ul>\n\t\t\t\t\t\t<\/div>\n\t\t\t\t<\/div>\n\t\t\t\t\t<\/div>\n\t\t<\/div>\n\t\t\t\t<div class=\"elementor-column elementor-col-50 elementor-top-column elementor-element elementor-element-03504c2\" data-id=\"03504c2\" data-element_type=\"column\" data-e-type=\"column\" data-settings=\"{&quot;background_background&quot;:&quot;classic&quot;}\">\n\t\t\t<div class=\"elementor-widget-wrap elementor-element-populated\">\n\t\t\t\t\t<div class=\"elementor-background-overlay\"><\/div>\n\t\t\t\t\t\t<div class=\"elementor-element elementor-element-1c12228 elementor-widget elementor-widget-image\" data-id=\"1c12228\" data-element_type=\"widget\" data-e-type=\"widget\" data-widget_type=\"image.default\">\n\t\t\t\t<div class=\"elementor-widget-container\">\n\t\t\t\t\t\t\t\t\t\t\t\t\t\t\t<img loading=\"lazy\" decoding=\"async\" width=\"150\" height=\"150\" src=\"https:\/\/humanas.org.co\/formacionconhumanas\/wp-content\/uploads\/2023\/03\/laura-semaan-2-150x150-1.jpeg\" class=\"attachment-large size-large wp-image-7406\" alt=\"\" srcset=\"https:\/\/humanas.org.co\/formacionconhumanas\/wp-content\/uploads\/2023\/03\/laura-semaan-2-150x150-1.jpeg 150w, https:\/\/humanas.org.co\/formacionconhumanas\/wp-content\/uploads\/2023\/03\/laura-semaan-2-150x150-1-75x75.jpeg 75w, https:\/\/humanas.org.co\/formacionconhumanas\/wp-content\/uploads\/2023\/03\/laura-semaan-2-150x150-1-129x129.jpeg 129w, https:\/\/humanas.org.co\/formacionconhumanas\/wp-content\/uploads\/2023\/03\/laura-semaan-2-150x150-1-69x69.jpeg 69w\" sizes=\"(max-width: 150px) 100vw, 150px\" \/>\t\t\t\t\t\t\t\t\t\t\t\t\t\t\t<\/div>\n\t\t\t\t<\/div>\n\t\t\t\t<div class=\"elementor-element elementor-element-1c1a920 elementor-widget elementor-widget-heading\" data-id=\"1c1a920\" data-element_type=\"widget\" data-e-type=\"widget\" data-widget_type=\"heading.default\">\n\t\t\t\t<div class=\"elementor-widget-container\">\n\t\t\t\t\t<h2 class=\"elementor-heading-title elementor-size-default\">Laura Juliana Colmenares<\/h2>\t\t\t\t<\/div>\n\t\t\t\t<\/div>\n\t\t\t\t<div class=\"elementor-element elementor-element-2867505 elementor-widget elementor-widget-heading\" data-id=\"2867505\" data-element_type=\"widget\" data-e-type=\"widget\" data-widget_type=\"heading.default\">\n\t\t\t\t<div class=\"elementor-widget-container\">\n\t\t\t\t\t<h3 class=\"elementor-heading-title elementor-size-default\">Psic\u00f3loga<\/h3>\t\t\t\t<\/div>\n\t\t\t\t<\/div>\n\t\t\t\t<div class=\"elementor-element elementor-element-be05791 elementor-widget elementor-widget-text-editor\" data-id=\"be05791\" data-element_type=\"widget\" data-e-type=\"widget\" data-widget_type=\"text-editor.default\">\n\t\t\t\t<div class=\"elementor-widget-container\">\n\t\t\t\t\t\t\t\t\t<p>Egresada de la Pontificia Universidad Javeriana con experiencia en la formulaci\u00f3n e implementaci\u00f3n de proyectos sociales, acompa\u00f1amiento psicosocial, proyectos de investigaci\u00f3n, gesti\u00f3n de conocimiento, facilitaci\u00f3n de espacios de participaci\u00f3n ciudadana y de innovaci\u00f3n social. Trabajo desde un enfoque psicosocial, diferencial, de g\u00e9nero, territorial y de derechos, con \u00e9nfasis en el dise\u00f1o de estrategias sostenibles que promuevan la agencia, dignidad y capacidad instalada en las comunidades acompa\u00f1adas.<\/p>\n\t\t\t\t\t\t\t\t<\/div>\n\t\t\t\t<\/div>\n\t\t\t\t<div class=\"elementor-element elementor-element-a959da7 elementor-align-center elementor-icon-list--layout-traditional elementor-list-item-link-full_width elementor-widget elementor-widget-icon-list\" data-id=\"a959da7\" data-element_type=\"widget\" data-e-type=\"widget\" data-widget_type=\"icon-list.default\">\n\t\t\t\t<div class=\"elementor-widget-container\">\n\t\t\t\t\t\t\t<ul class=\"elementor-icon-list-items\">\n\t\t\t\t\t\t\t<li class=\"elementor-icon-list-item\">\n\t\t\t\t\t\t\t\t\t\t\t<a href=\"mailto:lcolmenares@humanas.org.co\">\n\n\t\t\t\t\t\t\t\t\t\t\t\t<span class=\"elementor-icon-list-icon\">\n\t\t\t\t\t\t\t<i aria-hidden=\"true\" class=\" fa-icon-stm_icon_mail-o\"><\/i>\t\t\t\t\t\t<\/span>\n\t\t\t\t\t\t\t\t\t\t<span class=\"elementor-icon-list-text\">lcolmenares@humanas.org.co<\/span>\n\t\t\t\t\t\t\t\t\t\t\t<\/a>\n\t\t\t\t\t\t\t\t\t<\/li>\n\t\t\t\t\t\t<\/ul>\n\t\t\t\t\t\t<\/div>\n\t\t\t\t<\/div>\n\t\t\t\t\t<\/div>\n\t\t<\/div>\n\t\t\t\t\t<\/div>\n\t\t<\/section>\n\t\t\t\t<section class=\"elementor-section elementor-top-section elementor-element elementor-element-23bf6b3 elementor-section-boxed elementor-section-height-default elementor-section-height-default\" data-id=\"23bf6b3\" data-element_type=\"section\" data-e-type=\"section\">\n\t\t\t\t\t\t<div class=\"elementor-container elementor-column-gap-default\">\n\t\t\t\t\t<div class=\"elementor-column elementor-col-100 elementor-top-column elementor-element elementor-element-4c3d1b4\" data-id=\"4c3d1b4\" data-element_type=\"column\" data-e-type=\"column\">\n\t\t\t<div class=\"elementor-widget-wrap elementor-element-populated\">\n\t\t\t\t\t\t<div class=\"elementor-element elementor-element-5904026 elementor-widget elementor-widget-spacer\" data-id=\"5904026\" data-element_type=\"widget\" data-e-type=\"widget\" data-widget_type=\"spacer.default\">\n\t\t\t\t<div class=\"elementor-widget-container\">\n\t\t\t\t\t\t\t<div class=\"elementor-spacer\">\n\t\t\t<div class=\"elementor-spacer-inner\"><\/div>\n\t\t<\/div>\n\t\t\t\t\t\t<\/div>\n\t\t\t\t<\/div>\n\t\t\t\t\t<\/div>\n\t\t<\/div>\n\t\t\t\t\t<\/div>\n\t\t<\/section>\n\t\t\t\t<section class=\"elementor-section elementor-top-section elementor-element elementor-element-00e93a6 elementor-section-boxed elementor-section-height-default elementor-section-height-default\" data-id=\"00e93a6\" data-element_type=\"section\" data-e-type=\"section\">\n\t\t\t\t\t\t<div class=\"elementor-container elementor-column-gap-custom\">\n\t\t\t\t\t<div class=\"elementor-column elementor-col-50 elementor-top-column elementor-element elementor-element-92a9719\" data-id=\"92a9719\" data-element_type=\"column\" data-e-type=\"column\" data-settings=\"{&quot;background_background&quot;:&quot;classic&quot;}\">\n\t\t\t<div class=\"elementor-widget-wrap elementor-element-populated\">\n\t\t\t\t\t<div class=\"elementor-background-overlay\"><\/div>\n\t\t\t\t\t\t<div class=\"elementor-element elementor-element-60d6d5e elementor-widget elementor-widget-image\" data-id=\"60d6d5e\" data-element_type=\"widget\" data-e-type=\"widget\" data-widget_type=\"image.default\">\n\t\t\t\t<div class=\"elementor-widget-container\">\n\t\t\t\t\t\t\t\t\t\t\t\t\t\t\t<img loading=\"lazy\" decoding=\"async\" width=\"150\" height=\"150\" src=\"https:\/\/humanas.org.co\/formacionconhumanas\/wp-content\/uploads\/2023\/03\/Adriana-Alquichides-150x150-1.jpeg\" class=\"attachment-large size-large wp-image-7407\" alt=\"\" srcset=\"https:\/\/humanas.org.co\/formacionconhumanas\/wp-content\/uploads\/2023\/03\/Adriana-Alquichides-150x150-1.jpeg 150w, https:\/\/humanas.org.co\/formacionconhumanas\/wp-content\/uploads\/2023\/03\/Adriana-Alquichides-150x150-1-75x75.jpeg 75w, https:\/\/humanas.org.co\/formacionconhumanas\/wp-content\/uploads\/2023\/03\/Adriana-Alquichides-150x150-1-129x129.jpeg 129w, https:\/\/humanas.org.co\/formacionconhumanas\/wp-content\/uploads\/2023\/03\/Adriana-Alquichides-150x150-1-69x69.jpeg 69w\" sizes=\"(max-width: 150px) 100vw, 150px\" \/>\t\t\t\t\t\t\t\t\t\t\t\t\t\t\t<\/div>\n\t\t\t\t<\/div>\n\t\t\t\t<div class=\"elementor-element elementor-element-0c6c1bf elementor-widget elementor-widget-heading\" data-id=\"0c6c1bf\" data-element_type=\"widget\" data-e-type=\"widget\" data-widget_type=\"heading.default\">\n\t\t\t\t<div class=\"elementor-widget-container\">\n\t\t\t\t\t<h2 class=\"elementor-heading-title elementor-size-default\">Adriana Alquichides\u200b<\/h2>\t\t\t\t<\/div>\n\t\t\t\t<\/div>\n\t\t\t\t<div class=\"elementor-element elementor-element-c5ee3b5 elementor-widget elementor-widget-heading\" data-id=\"c5ee3b5\" data-element_type=\"widget\" data-e-type=\"widget\" data-widget_type=\"heading.default\">\n\t\t\t\t<div class=\"elementor-widget-container\">\n\t\t\t\t\t<h3 class=\"elementor-heading-title elementor-size-default\">Abogada<\/h3>\t\t\t\t<\/div>\n\t\t\t\t<\/div>\n\t\t\t\t<div class=\"elementor-element elementor-element-53b1513 elementor-widget elementor-widget-text-editor\" data-id=\"53b1513\" data-element_type=\"widget\" data-e-type=\"widget\" data-widget_type=\"text-editor.default\">\n\t\t\t\t<div class=\"elementor-widget-container\">\n\t\t\t\t\t\t\t\t\t<p>Litigante feminista con especializaci\u00f3n en derecho de familia y candidata a maestr\u00eda en Derechos humanos, cuenta con amplia experiencia en representaci\u00f3n de mujeres v\u00edctimas de violencias en justicia ordinaria en penal y de familia.<\/p>\n\t\t\t\t\t\t\t\t<\/div>\n\t\t\t\t<\/div>\n\t\t\t\t<div class=\"elementor-element elementor-element-a2108a6 elementor-align-center elementor-icon-list--layout-traditional elementor-list-item-link-full_width elementor-widget elementor-widget-icon-list\" data-id=\"a2108a6\" data-element_type=\"widget\" data-e-type=\"widget\" data-widget_type=\"icon-list.default\">\n\t\t\t\t<div class=\"elementor-widget-container\">\n\t\t\t\t\t\t\t<ul class=\"elementor-icon-list-items\">\n\t\t\t\t\t\t\t<li class=\"elementor-icon-list-item\">\n\t\t\t\t\t\t\t\t\t\t\t<a href=\"mailto:cvizcaino@humanas.org.co\">\n\n\t\t\t\t\t\t\t\t\t\t\t\t<span class=\"elementor-icon-list-icon\">\n\t\t\t\t\t\t\t<i aria-hidden=\"true\" class=\" fa-icon-stm_icon_mail-o\"><\/i>\t\t\t\t\t\t<\/span>\n\t\t\t\t\t\t\t\t\t\t<span class=\"elementor-icon-list-text\">amalquichideso@humanas.org.co<\/span>\n\t\t\t\t\t\t\t\t\t\t\t<\/a>\n\t\t\t\t\t\t\t\t\t<\/li>\n\t\t\t\t\t\t<\/ul>\n\t\t\t\t\t\t<\/div>\n\t\t\t\t<\/div>\n\t\t\t\t\t<\/div>\n\t\t<\/div>\n\t\t\t\t<div class=\"elementor-column elementor-col-50 elementor-top-column elementor-element elementor-element-3f21659\" data-id=\"3f21659\" data-element_type=\"column\" data-e-type=\"column\" data-settings=\"{&quot;background_background&quot;:&quot;classic&quot;}\">\n\t\t\t<div class=\"elementor-widget-wrap elementor-element-populated\">\n\t\t\t\t\t<div class=\"elementor-background-overlay\"><\/div>\n\t\t\t\t\t\t<div class=\"elementor-element elementor-element-a324787 elementor-widget elementor-widget-image\" data-id=\"a324787\" data-element_type=\"widget\" data-e-type=\"widget\" data-widget_type=\"image.default\">\n\t\t\t\t<div class=\"elementor-widget-container\">\n\t\t\t\t\t\t\t\t\t\t\t\t\t\t\t<img loading=\"lazy\" decoding=\"async\" width=\"150\" height=\"150\" src=\"https:\/\/humanas.org.co\/formacionconhumanas\/wp-content\/uploads\/2023\/03\/imo_76485_q_Zory-150x150-1.png\" class=\"attachment-large size-large wp-image-7422\" alt=\"\" srcset=\"https:\/\/humanas.org.co\/formacionconhumanas\/wp-content\/uploads\/2023\/03\/imo_76485_q_Zory-150x150-1.png 150w, https:\/\/humanas.org.co\/formacionconhumanas\/wp-content\/uploads\/2023\/03\/imo_76485_q_Zory-150x150-1-75x75.png 75w, https:\/\/humanas.org.co\/formacionconhumanas\/wp-content\/uploads\/2023\/03\/imo_76485_q_Zory-150x150-1-129x129.png 129w, https:\/\/humanas.org.co\/formacionconhumanas\/wp-content\/uploads\/2023\/03\/imo_76485_q_Zory-150x150-1-69x69.png 69w\" sizes=\"(max-width: 150px) 100vw, 150px\" \/>\t\t\t\t\t\t\t\t\t\t\t\t\t\t\t<\/div>\n\t\t\t\t<\/div>\n\t\t\t\t<div class=\"elementor-element elementor-element-04ba713 elementor-widget elementor-widget-heading\" data-id=\"04ba713\" data-element_type=\"widget\" data-e-type=\"widget\" data-widget_type=\"heading.default\">\n\t\t\t\t<div class=\"elementor-widget-container\">\n\t\t\t\t\t<h2 class=\"elementor-heading-title elementor-size-default\">Zoraida Mart\u00ednez Avellaneda\u200b<\/h2>\t\t\t\t<\/div>\n\t\t\t\t<\/div>\n\t\t\t\t<div class=\"elementor-element elementor-element-6dab4f9 elementor-widget elementor-widget-heading\" data-id=\"6dab4f9\" data-element_type=\"widget\" data-e-type=\"widget\" data-widget_type=\"heading.default\">\n\t\t\t\t<div class=\"elementor-widget-container\">\n\t\t\t\t\t<h3 class=\"elementor-heading-title elementor-size-default\">Coordinadora administrativa y financiera<\/h3>\t\t\t\t<\/div>\n\t\t\t\t<\/div>\n\t\t\t\t<div class=\"elementor-element elementor-element-a2dad99 elementor-widget elementor-widget-text-editor\" data-id=\"a2dad99\" data-element_type=\"widget\" data-e-type=\"widget\" data-widget_type=\"text-editor.default\">\n\t\t\t\t<div class=\"elementor-widget-container\">\n\t\t\t\t\t\t\t\t\t<p>Profesional en administraci\u00f3n hotelera, con m\u00e1s de 20 a\u00f1os de experiencia en temas administrativos, financieros, contables y tributarios. Ha estado vinculada principalmente con entidades sin \u00e1nimo de lucro acorde a su proyecci\u00f3n personal y profesional. Se encuentra vinculada a la Corporaci\u00f3n Humanas desde el a\u00f1o 2011.<\/p>\n\t\t\t\t\t\t\t\t<\/div>\n\t\t\t\t<\/div>\n\t\t\t\t<div class=\"elementor-element elementor-element-b28708f elementor-align-center elementor-icon-list--layout-traditional elementor-list-item-link-full_width elementor-widget elementor-widget-icon-list\" data-id=\"b28708f\" data-element_type=\"widget\" data-e-type=\"widget\" data-widget_type=\"icon-list.default\">\n\t\t\t\t<div class=\"elementor-widget-container\">\n\t\t\t\t\t\t\t<ul class=\"elementor-icon-list-items\">\n\t\t\t\t\t\t\t<li class=\"elementor-icon-list-item\">\n\t\t\t\t\t\t\t\t\t\t\t<a href=\"mailto:zmartinez@humanas.org.co\">\n\n\t\t\t\t\t\t\t\t\t\t\t\t<span class=\"elementor-icon-list-icon\">\n\t\t\t\t\t\t\t<i aria-hidden=\"true\" class=\" fa-icon-stm_icon_mail-o\"><\/i>\t\t\t\t\t\t<\/span>\n\t\t\t\t\t\t\t\t\t\t<span class=\"elementor-icon-list-text\">zmartinez@humanas.org.co<\/span>\n\t\t\t\t\t\t\t\t\t\t\t<\/a>\n\t\t\t\t\t\t\t\t\t<\/li>\n\t\t\t\t\t\t<\/ul>\n\t\t\t\t\t\t<\/div>\n\t\t\t\t<\/div>\n\t\t\t\t\t<\/div>\n\t\t<\/div>\n\t\t\t\t\t<\/div>\n\t\t<\/section>\n\t\t\t\t<section class=\"elementor-section elementor-top-section elementor-element elementor-element-9cb5d08 elementor-section-boxed elementor-section-height-default elementor-section-height-default\" data-id=\"9cb5d08\" data-element_type=\"section\" data-e-type=\"section\">\n\t\t\t\t\t\t<div class=\"elementor-container elementor-column-gap-custom\">\n\t\t\t\t\t<div class=\"elementor-column elementor-col-100 elementor-top-column elementor-element elementor-element-f95a109\" data-id=\"f95a109\" data-element_type=\"column\" data-e-type=\"column\" data-settings=\"{&quot;background_background&quot;:&quot;classic&quot;}\">\n\t\t\t<div class=\"elementor-widget-wrap elementor-element-populated\">\n\t\t\t\t\t<div class=\"elementor-background-overlay\"><\/div>\n\t\t\t\t\t\t<div class=\"elementor-element elementor-element-f0afdb2 elementor-widget elementor-widget-image\" data-id=\"f0afdb2\" data-element_type=\"widget\" data-e-type=\"widget\" data-widget_type=\"image.default\">\n\t\t\t\t<div class=\"elementor-widget-container\">\n\t\t\t\t\t\t\t\t\t\t\t\t\t\t\t<img loading=\"lazy\" decoding=\"async\" width=\"150\" height=\"150\" src=\"https:\/\/humanas.org.co\/formacionconhumanas\/wp-content\/uploads\/2023\/05\/PHOTO-2023-03-30-09-29-58-150x150-1.jpg\" class=\"attachment-large size-large wp-image-7790\" alt=\"\" srcset=\"https:\/\/humanas.org.co\/formacionconhumanas\/wp-content\/uploads\/2023\/05\/PHOTO-2023-03-30-09-29-58-150x150-1.jpg 150w, https:\/\/humanas.org.co\/formacionconhumanas\/wp-content\/uploads\/2023\/05\/PHOTO-2023-03-30-09-29-58-150x150-1-75x75.jpg 75w, https:\/\/humanas.org.co\/formacionconhumanas\/wp-content\/uploads\/2023\/05\/PHOTO-2023-03-30-09-29-58-150x150-1-129x129.jpg 129w, https:\/\/humanas.org.co\/formacionconhumanas\/wp-content\/uploads\/2023\/05\/PHOTO-2023-03-30-09-29-58-150x150-1-69x69.jpg 69w\" sizes=\"(max-width: 150px) 100vw, 150px\" \/>\t\t\t\t\t\t\t\t\t\t\t\t\t\t\t<\/div>\n\t\t\t\t<\/div>\n\t\t\t\t<div class=\"elementor-element elementor-element-f65e1df elementor-widget elementor-widget-heading\" data-id=\"f65e1df\" data-element_type=\"widget\" data-e-type=\"widget\" data-widget_type=\"heading.default\">\n\t\t\t\t<div class=\"elementor-widget-container\">\n\t\t\t\t\t<h2 class=\"elementor-heading-title elementor-size-default\">Laura Cristina Giraldo Rodriguez\n<\/h2>\t\t\t\t<\/div>\n\t\t\t\t<\/div>\n\t\t\t\t<div class=\"elementor-element elementor-element-bec7197 elementor-widget elementor-widget-heading\" data-id=\"bec7197\" data-element_type=\"widget\" data-e-type=\"widget\" data-widget_type=\"heading.default\">\n\t\t\t\t<div class=\"elementor-widget-container\">\n\t\t\t\t\t<h3 class=\"elementor-heading-title elementor-size-default\">SOCI\u00d3LOGA<\/h3>\t\t\t\t<\/div>\n\t\t\t\t<\/div>\n\t\t\t\t<div class=\"elementor-element elementor-element-1e6bb6a elementor-widget elementor-widget-text-editor\" data-id=\"1e6bb6a\" data-element_type=\"widget\" data-e-type=\"widget\" data-widget_type=\"text-editor.default\">\n\t\t\t\t<div class=\"elementor-widget-container\">\n\t\t\t\t\t\t\t\t\t<p class=\"s3\"><span class=\"s2\"><span class=\"bumpedFont15\">Lideresa socioambiental y defensora de derechos territoriales y comunitarios. Soci\u00f3loga de la Universidad de Antioquia y Especialista en Desarrollo Rural de la Universidad de Caldas. P<\/span><\/span><span class=\"s2\"><span class=\"bumpedFont15\">eriodista<span class=\"Apple-converted-space\">\u00a0<\/span><\/span><\/span><span class=\"s2\"><span class=\"bumpedFont15\">local<span class=\"Apple-converted-space\">\u00a0<\/span><\/span><\/span><span class=\"s2\"><span class=\"bumpedFont15\">de la red de periodistas del Carmen de Atrato-Choco,<span class=\"Apple-converted-space\">\u00a0<\/span><\/span><\/span><span class=\"s2\"><span class=\"bumpedFont15\">para la FLIP.<\/span><\/span><\/p>\n<p class=\"s3\"><span class=\"s2\"><span class=\"bumpedFont15\">Ha<\/span><\/span><span class=\"s2\"><span class=\"bumpedFont15\">ce<\/span><\/span><span class=\"s2\"><span class=\"bumpedFont15\"><span class=\"Apple-converted-space\">\u00a0<\/span>parte de la Fundaci\u00f3n Mesa Social y Ambiental del Carmen de Atrato<\/span><\/span><span class=\"s2\"><span class=\"bumpedFont15\">,<span class=\"Apple-converted-space\">\u00a0<\/span><\/span><\/span><span class=\"s2\"><span class=\"bumpedFont15\">del cuerpo colegiado de Guardianes del rio Atrato<\/span><\/span><span class=\"s2\"><span class=\"bumpedFont15\"><span class=\"Apple-converted-space\">\u00a0<\/span>y de<span class=\"Apple-converted-space\">\u00a0<\/span><\/span><\/span><span class=\"s2\"><span class=\"bumpedFont15\">los Guardianes del rio Habita.<span class=\"Apple-converted-space\">\u00a0<\/span><\/span><\/span><span class=\"s2\"><span class=\"bumpedFont15\">Ad<\/span><\/span><span class=\"s2\"><span class=\"bumpedFont15\">em\u00e1s de liderar procesos comunitarios y de base como la\u00a0<\/span><\/span><span class=\"s2\"><span class=\"bumpedFont15\">ASOCOMUNAL EL CARMEN DE ATRATO y la Plataforma del Campesinado<\/span><\/span><span class=\"s2\"><span class=\"bumpedFont15\">.\u00a0<\/span><\/span><span class=\"s2\"><span class=\"bumpedFont15\">Su<\/span><\/span><span class=\"s2\"><span class=\"bumpedFont15\"><span class=\"Apple-converted-space\">\u00a0<\/span>experiencia profesional est\u00e1 centrada en el acompa\u00f1amiento psicosocial o social a comunidades \u00e9tnicas y campesinas, adem\u00e1s del trabajo con v\u00edctimas del conflicto armado en diversos contextos, principalmente en rurales<\/span><\/span><span class=\"s2\"><span class=\"bumpedFont15\">.<\/span><\/span><\/p>\n\t\t\t\t\t\t\t\t<\/div>\n\t\t\t\t<\/div>\n\t\t\t\t<div class=\"elementor-element elementor-element-d16b60e elementor-align-center elementor-icon-list--layout-traditional elementor-list-item-link-full_width elementor-widget elementor-widget-icon-list\" data-id=\"d16b60e\" data-element_type=\"widget\" data-e-type=\"widget\" data-widget_type=\"icon-list.default\">\n\t\t\t\t<div class=\"elementor-widget-container\">\n\t\t\t\t\t\t\t<ul class=\"elementor-icon-list-items\">\n\t\t\t\t\t\t\t<li class=\"elementor-icon-list-item\">\n\t\t\t\t\t\t\t\t\t\t\t<a href=\"mailto:lgiraldo@humanas.org.co\">\n\n\t\t\t\t\t\t\t\t\t\t\t\t<span class=\"elementor-icon-list-icon\">\n\t\t\t\t\t\t\t<i aria-hidden=\"true\" class=\" fa-icon-stm_icon_mail-o\"><\/i>\t\t\t\t\t\t<\/span>\n\t\t\t\t\t\t\t\t\t\t<span class=\"elementor-icon-list-text\">lgiraldo@humanas.org.co<\/span>\n\t\t\t\t\t\t\t\t\t\t\t<\/a>\n\t\t\t\t\t\t\t\t\t<\/li>\n\t\t\t\t\t\t<\/ul>\n\t\t\t\t\t\t<\/div>\n\t\t\t\t<\/div>\n\t\t\t\t\t<\/div>\n\t\t<\/div>\n\t\t\t\t\t<\/div>\n\t\t<\/section>\n\t\t\t\t<section class=\"elementor-section elementor-top-section elementor-element elementor-element-2a08703 elementor-section-boxed elementor-section-height-default elementor-section-height-default\" data-id=\"2a08703\" data-element_type=\"section\" data-e-type=\"section\">\n\t\t\t\t\t\t<div class=\"elementor-container elementor-column-gap-default\">\n\t\t\t\t\t<div class=\"elementor-column elementor-col-100 elementor-top-column elementor-element elementor-element-89b575f\" data-id=\"89b575f\" data-element_type=\"column\" data-e-type=\"column\">\n\t\t\t<div class=\"elementor-widget-wrap elementor-element-populated\">\n\t\t\t\t\t\t<div class=\"elementor-element elementor-element-971e819 elementor-widget elementor-widget-spacer\" data-id=\"971e819\" data-element_type=\"widget\" data-e-type=\"widget\" data-widget_type=\"spacer.default\">\n\t\t\t\t<div class=\"elementor-widget-container\">\n\t\t\t\t\t\t\t<div class=\"elementor-spacer\">\n\t\t\t<div class=\"elementor-spacer-inner\"><\/div>\n\t\t<\/div>\n\t\t\t\t\t\t<\/div>\n\t\t\t\t<\/div>\n\t\t\t\t\t<\/div>\n\t\t<\/div>\n\t\t\t\t\t<\/div>\n\t\t<\/section>\n\t\t<div class=\"elementor-element elementor-element-a5ce590 e-flex e-con-boxed e-con e-parent\" data-id=\"a5ce590\" data-element_type=\"container\" data-e-type=\"container\">\n\t\t\t\t\t<div class=\"e-con-inner\">\n\t\t<div class=\"elementor-element elementor-element-9d5eaac e-flex e-con-boxed e-con e-child\" data-id=\"9d5eaac\" data-element_type=\"container\" data-e-type=\"container\">\n\t\t\t\t\t<div class=\"e-con-inner\">\n\t\t\t\t<div class=\"elementor-element elementor-element-ee83c7e elementor-widget elementor-widget-image\" data-id=\"ee83c7e\" data-element_type=\"widget\" data-e-type=\"widget\" data-widget_type=\"image.default\">\n\t\t\t\t<div class=\"elementor-widget-container\">\n\t\t\t\t\t\t\t\t\t\t\t\t\t\t\t<img loading=\"lazy\" decoding=\"async\" width=\"1024\" height=\"185\" src=\"https:\/\/humanas.org.co\/formacionconhumanas\/wp-content\/uploads\/2023\/01\/Tirilla-OSC-e1682351530298-1024x185.png\" class=\"attachment-large size-large wp-image-6439\" alt=\"\" srcset=\"https:\/\/humanas.org.co\/formacionconhumanas\/wp-content\/uploads\/2023\/01\/Tirilla-OSC-e1682351530298-1024x185.png 1024w, https:\/\/humanas.org.co\/formacionconhumanas\/wp-content\/uploads\/2023\/01\/Tirilla-OSC-e1682351530298-300x54.png 300w, https:\/\/humanas.org.co\/formacionconhumanas\/wp-content\/uploads\/2023\/01\/Tirilla-OSC-e1682351530298-768x138.png 768w, https:\/\/humanas.org.co\/formacionconhumanas\/wp-content\/uploads\/2023\/01\/Tirilla-OSC-e1682351530298-1536x277.png 1536w, https:\/\/humanas.org.co\/formacionconhumanas\/wp-content\/uploads\/2023\/01\/Tirilla-OSC-e1682351530298-2048x369.png 2048w\" sizes=\"(max-width: 1024px) 100vw, 1024px\" \/>\t\t\t\t\t\t\t\t\t\t\t\t\t\t\t<\/div>\n\t\t\t\t<\/div>\n\t\t\t\t\t<\/div>\n\t\t\t\t<\/div>\n\t\t\t\t\t<\/div>\n\t\t\t\t<\/div>\n\t\t\t\t<\/div>\n\t\t","protected":false},"excerpt":{"rendered":"<p>Tutoras Nuestro equipo est\u00e1 formado por profesionales altamente cualificadas que se dedican a la prevenci\u00f3n y atenci\u00f3n de la violencia de g\u00e9nero y la violencias contra las mujeres. Nuestras tutoras son abogadas y psic\u00f3logas experimentadas que aportan su conocimiento para brindarle el apoyo y la orientaci\u00f3n que necesita. Como especialistas en sus respectivos campos, las [&hellip;]<\/p>\n","protected":false},"author":1,"featured_media":0,"parent":0,"menu_order":0,"comment_status":"closed","ping_status":"closed","template":"","meta":{"pmpro_default_level":"","footnotes":""},"class_list":["post-5312","page","type-page","status-publish","hentry","pmpro-has-access"],"_links":{"self":[{"href":"https:\/\/humanas.org.co\/formacionconhumanas\/wp-json\/wp\/v2\/pages\/5312","targetHints":{"allow":["GET"]}}],"collection":[{"href":"https:\/\/humanas.org.co\/formacionconhumanas\/wp-json\/wp\/v2\/pages"}],"about":[{"href":"https:\/\/humanas.org.co\/formacionconhumanas\/wp-json\/wp\/v2\/types\/page"}],"author":[{"embeddable":true,"href":"https:\/\/humanas.org.co\/formacionconhumanas\/wp-json\/wp\/v2\/users\/1"}],"replies":[{"embeddable":true,"href":"https:\/\/humanas.org.co\/formacionconhumanas\/wp-json\/wp\/v2\/comments?post=5312"}],"version-history":[{"count":67,"href":"https:\/\/humanas.org.co\/formacionconhumanas\/wp-json\/wp\/v2\/pages\/5312\/revisions"}],"predecessor-version":[{"id":8076,"href":"https:\/\/humanas.org.co\/formacionconhumanas\/wp-json\/wp\/v2\/pages\/5312\/revisions\/8076"}],"wp:attachment":[{"href":"https:\/\/humanas.org.co\/formacionconhumanas\/wp-json\/wp\/v2\/media?parent=5312"}],"curies":[{"name":"wp","href":"https:\/\/api.w.org\/{rel}","templated":true}]}}